{"id":4536,"date":"2022-05-12T18:42:22","date_gmt":"2022-05-12T16:42:22","guid":{"rendered":"https:\/\/pianoiturbi.dival.es\/?page_id=4536"},"modified":"2022-11-02T15:08:01","modified_gmt":"2022-11-02T14:08:01","slug":"inscripcio-2023","status":"publish","type":"page","link":"https:\/\/pianoiturbi.dival.es\/ca\/concurs-2023\/inscripcio-2023\/","title":{"rendered":"Inscripci\u00f3"},"content":{"rendered":"\t\t<div data-elementor-type=\"wp-page\" data-elementor-id=\"4536\" class=\"elementor elementor-4536 elementor-4535\" data-elementor-post-type=\"page\">\n\t\t\t\t\t\t<section class=\"elementor-section elementor-top-section elementor-element elementor-element-767fbad6 elementor-hidden-desktop elementor-hidden-tablet elementor-section-boxed elementor-section-height-default elementor-section-height-default\" data-id=\"767fbad6\" data-element_type=\"section\">\n\t\t\t\t\t\t<div class=\"elementor-container elementor-column-gap-no\">\n\t\t\t\t\t<div class=\"elementor-column elementor-col-100 elementor-top-column elementor-element elementor-element-52a3a6af\" data-id=\"52a3a6af\" data-element_type=\"column\">\n\t\t\t<div class=\"elementor-widget-wrap elementor-element-populated\">\n\t\t\t\t\t\t<div class=\"elementor-element elementor-element-6ab53901 elementor-widget elementor-widget-image\" data-id=\"6ab53901\" data-element_type=\"widget\" data-widget_type=\"image.default\">\n\t\t\t\t<div class=\"elementor-widget-container\">\n\t\t\t\t\t\t\t\t\t\t\t\t\t\t\t<img fetchpriority=\"high\" decoding=\"async\" width=\"737\" height=\"1024\" src=\"https:\/\/pianoiturbi.dival.es\/wp-content\/uploads\/pianoiturbi-2023-logo-737x1024.jpg\" class=\"attachment-large size-large wp-image-4550\" alt=\"\" srcset=\"https:\/\/pianoiturbi.dival.es\/wp-content\/uploads\/pianoiturbi-2023-logo-737x1024.jpg 737w, https:\/\/pianoiturbi.dival.es\/wp-content\/uploads\/pianoiturbi-2023-logo-216x300.jpg 216w, https:\/\/pianoiturbi.dival.es\/wp-content\/uploads\/pianoiturbi-2023-logo-768x1067.jpg 768w, https:\/\/pianoiturbi.dival.es\/wp-content\/uploads\/pianoiturbi-2023-logo-1106x1536.jpg 1106w, https:\/\/pianoiturbi.dival.es\/wp-content\/uploads\/pianoiturbi-2023-logo.jpg 1276w\" sizes=\"(max-width: 737px) 100vw, 737px\" \/>\t\t\t\t\t\t\t\t\t\t\t\t\t\t\t<\/div>\n\t\t\t\t<\/div>\n\t\t\t\t\t<\/div>\n\t\t<\/div>\n\t\t\t\t\t<\/div>\n\t\t<\/section>\n\t\t\t\t<section class=\"elementor-section elementor-top-section elementor-element elementor-element-678060f6 elementor-section-boxed elementor-section-height-default elementor-section-height-default\" data-id=\"678060f6\" data-element_type=\"section\">\n\t\t\t\t\t\t<div class=\"elementor-container elementor-column-gap-no\">\n\t\t\t\t\t<div class=\"elementor-column elementor-col-50 elementor-top-column elementor-element elementor-element-264e99e elementor-hidden-phone\" data-id=\"264e99e\" data-element_type=\"column\" data-settings=\"{&quot;background_background&quot;:&quot;classic&quot;}\">\n\t\t\t<div class=\"elementor-widget-wrap elementor-element-populated\">\n\t\t\t\t\t\t<section class=\"elementor-section elementor-inner-section elementor-element elementor-element-8108b4d elementor-section-height-min-height elementor-section-boxed elementor-section-height-default\" data-id=\"8108b4d\" data-element_type=\"section\" data-settings=\"{&quot;sticky&quot;:&quot;top&quot;,&quot;sticky_on&quot;:[&quot;desktop&quot;,&quot;tablet&quot;,&quot;mobile&quot;],&quot;sticky_offset&quot;:0,&quot;sticky_effects_offset&quot;:0,&quot;sticky_anchor_link_offset&quot;:0}\">\n\t\t\t\t\t\t<div class=\"elementor-container elementor-column-gap-no\">\n\t\t\t\t\t<div class=\"elementor-column elementor-col-100 elementor-inner-column elementor-element elementor-element-6954f531 elementor-hidden-phone\" data-id=\"6954f531\" data-element_type=\"column\">\n\t\t\t<div class=\"elementor-widget-wrap elementor-element-populated\">\n\t\t\t\t\t\t<div class=\"elementor-element elementor-element-18ecf3e9 elementor-widget elementor-widget-image\" data-id=\"18ecf3e9\" data-element_type=\"widget\" data-widget_type=\"image.default\">\n\t\t\t\t<div class=\"elementor-widget-container\">\n\t\t\t\t\t\t\t\t\t\t\t\t\t\t\t<img fetchpriority=\"high\" decoding=\"async\" width=\"737\" height=\"1024\" src=\"https:\/\/pianoiturbi.dival.es\/wp-content\/uploads\/pianoiturbi-2023-logo-737x1024.jpg\" class=\"attachment-large size-large wp-image-4550\" alt=\"\" srcset=\"https:\/\/pianoiturbi.dival.es\/wp-content\/uploads\/pianoiturbi-2023-logo-737x1024.jpg 737w, https:\/\/pianoiturbi.dival.es\/wp-content\/uploads\/pianoiturbi-2023-logo-216x300.jpg 216w, https:\/\/pianoiturbi.dival.es\/wp-content\/uploads\/pianoiturbi-2023-logo-768x1067.jpg 768w, https:\/\/pianoiturbi.dival.es\/wp-content\/uploads\/pianoiturbi-2023-logo-1106x1536.jpg 1106w, https:\/\/pianoiturbi.dival.es\/wp-content\/uploads\/pianoiturbi-2023-logo.jpg 1276w\" sizes=\"(max-width: 737px) 100vw, 737px\" \/>\t\t\t\t\t\t\t\t\t\t\t\t\t\t\t<\/div>\n\t\t\t\t<\/div>\n\t\t\t\t\t<\/div>\n\t\t<\/div>\n\t\t\t\t\t<\/div>\n\t\t<\/section>\n\t\t\t\t\t<\/div>\n\t\t<\/div>\n\t\t\t\t<div class=\"elementor-column elementor-col-50 elementor-top-column elementor-element elementor-element-7592402a\" data-id=\"7592402a\" data-element_type=\"column\">\n\t\t\t<div class=\"elementor-widget-wrap elementor-element-populated\">\n\t\t\t\t\t\t<div class=\"elementor-element elementor-element-2aefc03 elementor-widget elementor-widget-spacer\" data-id=\"2aefc03\" data-element_type=\"widget\" data-widget_type=\"spacer.default\">\n\t\t\t\t<div class=\"elementor-widget-container\">\n\t\t\t\t\t\t\t<div class=\"elementor-spacer\">\n\t\t\t<div class=\"elementor-spacer-inner\"><\/div>\n\t\t<\/div>\n\t\t\t\t\t\t<\/div>\n\t\t\t\t<\/div>\n\t\t\t\t<div class=\"elementor-element elementor-element-5d654d6 elementor-widget elementor-widget-template\" data-id=\"5d654d6\" data-element_type=\"widget\" data-widget_type=\"template.default\">\n\t\t\t\t<div class=\"elementor-widget-container\">\n\t\t\t\t\t\t\t<div class=\"elementor-template\">\n\t\t\t\t\t<div data-elementor-type=\"page\" data-elementor-id=\"4545\" class=\"elementor elementor-4545 elementor-4541\" data-elementor-post-type=\"elementor_library\">\n\t\t\t\t\t\t<section class=\"elementor-section elementor-top-section elementor-element elementor-element-239d8534 elementor-section-boxed elementor-section-height-default elementor-section-height-default\" data-id=\"239d8534\" data-element_type=\"section\">\n\t\t\t\t\t\t<div class=\"elementor-container elementor-column-gap-no\">\n\t\t\t\t\t<div class=\"elementor-column elementor-col-100 elementor-top-column elementor-element elementor-element-44d4e846\" data-id=\"44d4e846\" data-element_type=\"column\">\n\t\t\t<div class=\"elementor-widget-wrap elementor-element-populated\">\n\t\t\t\t\t\t<div class=\"elementor-element elementor-element-3bf8be1f elementor-widget elementor-widget-spacer\" data-id=\"3bf8be1f\" data-element_type=\"widget\" data-widget_type=\"spacer.default\">\n\t\t\t\t<div class=\"elementor-widget-container\">\n\t\t\t\t\t\t\t<div class=\"elementor-spacer\">\n\t\t\t<div class=\"elementor-spacer-inner\"><\/div>\n\t\t<\/div>\n\t\t\t\t\t\t<\/div>\n\t\t\t\t<\/div>\n\t\t\t\t<div class=\"elementor-element elementor-element-35fac6d4 elementor-widget elementor-widget-heading\" data-id=\"35fac6d4\" data-element_type=\"widget\" data-widget_type=\"heading.default\">\n\t\t\t\t<div class=\"elementor-widget-container\">\n\t\t\t\t\t<h3 class=\"elementor-heading-title elementor-size-default\">XXII <br>Concurs <br>Internacional<br> de Piano <br>de Val\u00e8ncia <br>ITURBI<\/h3>\t\t\t\t<\/div>\n\t\t\t\t<\/div>\n\t\t\t\t<div class=\"elementor-element elementor-element-3be91dbc elementor-widget elementor-widget-heading\" data-id=\"3be91dbc\" data-element_type=\"widget\" data-widget_type=\"heading.default\">\n\t\t\t\t<div class=\"elementor-widget-container\">\n\t\t\t\t\t<h5 class=\"elementor-heading-title elementor-size-default\">Del 31 de maig al 10 de juny de 2023<\/h5>\t\t\t\t<\/div>\n\t\t\t\t<\/div>\n\t\t\t\t<div class=\"elementor-element elementor-element-487ea14c elementor-widget-divider--view-line elementor-widget elementor-widget-divider\" data-id=\"487ea14c\" data-element_type=\"widget\" data-widget_type=\"divider.default\">\n\t\t\t\t<div class=\"elementor-widget-container\">\n\t\t\t\t\t\t\t<div class=\"elementor-divider\">\n\t\t\t<span class=\"elementor-divider-separator\">\n\t\t\t\t\t\t<\/span>\n\t\t<\/div>\n\t\t\t\t\t\t<\/div>\n\t\t\t\t<\/div>\n\t\t\t\t\t<\/div>\n\t\t<\/div>\n\t\t\t\t\t<\/div>\n\t\t<\/section>\n\t\t\t\t<\/div>\n\t\t\t\t<\/div>\n\t\t\t\t\t\t<\/div>\n\t\t\t\t<\/div>\n\t\t\t\t<div class=\"elementor-element elementor-element-58bad4c3 elementor-widget elementor-widget-heading\" data-id=\"58bad4c3\" data-element_type=\"widget\" data-widget_type=\"heading.default\">\n\t\t\t\t<div class=\"elementor-widget-container\">\n\t\t\t\t\t<h3 class=\"elementor-heading-title elementor-size-default\">Inscripci\u00f3<\/h3>\t\t\t\t<\/div>\n\t\t\t\t<\/div>\n\t\t\t\t<div class=\"elementor-element elementor-element-6e7d0e66 elementor-widget elementor-widget-text-editor\" data-id=\"6e7d0e66\" data-element_type=\"widget\" data-widget_type=\"text-editor.default\">\n\t\t\t\t<div class=\"elementor-widget-container\">\n\t\t\t\t\t\t\t\t\t<p class=\"p1\"><span class=\"s1\"><b>\u00a0<\/b><\/span><\/p>\r\n<strong>FORMA, TERMINI I LLOC DE PRESENTACI\u00d3<\/strong>\r\n<p class=\"p2\"><span class=\"s1\">\r\nLes sol\u00b7licituds es presentaran entre el 16 de maig i el 28 de novembre de 2022 (termini ampliat).<\/span><\/p>\r\n<p class=\"p2\"><span class=\"s1\">\u00a0<\/span><\/p>\r\n<p class=\"p2\"><span class=\"s1\">La tramitaci\u00f3 del formulari d\u2019inscripci\u00f3 i de la documentaci\u00f3 annexa (detallada en l\u2019apartat seg\u00fcent) es dur\u00e0 a terme de manera telem\u00e0tica en el lloc web <a href=\"http:\/\/www.pianoiturbi.dival.es\/\"><span class=\"s2\">www.pianoiturbi.dival.es<\/span><\/a><\/span><\/p>\r\n<p class=\"p2\"><span class=\"s1\">\u00a0<\/span><\/p>\r\n<p class=\"p2\"><span class=\"s1\">En el formulari d\u2019inscripci\u00f3 s\u2019inclour\u00e0 la informaci\u00f3 sobre els t\u00edtols de les obres a interpretar en cadascuna de les proves del concurs i la duraci\u00f3 aproximada d\u2019aquestes. Si el programa sobrepassa la duraci\u00f3 permesa, la comissi\u00f3 assessora del concurs decidir\u00e0 sobre les obres o els fragments que han de ser interpretats.<\/span><\/p>\r\n<p class=\"p2\"><span class=\"s1\">\u00a0<\/span><\/p>\r\n<p class=\"p2\"><span class=\"s1\">En el formulari s\u2019atorgar\u00e0 la representaci\u00f3 per a formular la sol\u00b7licitud de les ajudes i de la participaci\u00f3 en el concurs al funcionari o funcion\u00e0ria habilitada de la Diputaci\u00f3 de Val\u00e8ncia.<\/span><\/p>\r\n<p class=\"p2\"><span class=\"s1\">\u00a0<\/span><\/p>\r\n<p class=\"p2\"><span class=\"s1\">Igualment, es declararan responsablement les cinc circumst\u00e0ncies seg\u00fcents, requisits d\u2019admissi\u00f3 en el concurs:<\/span><\/p>\r\n<p class=\"p2\"><span class=\"s1\">\u00a0<\/span><\/p>\r\n\r\n<ul class=\"ul1\">\r\n \t<li class=\"li3\"><span class=\"s1\">Con\u00e9ixer i acceptar les bases del concurs.<\/span><\/li>\r\n \t<li class=\"li3\"><span class=\"s1\">No haver rebut classes de cap membre del jurat (incloses classes magistrals) des de 2 anys abans de l&#8217;inici de la celebraci\u00f3 del concurs, \u00e9s a dir, des del 31 de maig de 2021, com tamb\u00e9 el comprom\u00eds de no rebre-les entre la publicaci\u00f3 d\u2019aquesta convocat\u00f2ria i l\u2019inici del concurs.<\/span><\/li>\r\n \t<li class=\"li3\"><span class=\"s1\">Que s\u00f3n certes les dades aportades respecte al lloc i la data de l\u2019enregistrament enviat per a la preselecci\u00f3, com tamb\u00e9 la identitat de l\u2019int\u00e8rpret d\u2019aquest enregistrament amb el\/la sol\u00b7licitant.<\/span><\/li>\r\n \t<li class=\"li3\"><span class=\"s1\">Que s\u00f3n certes les dades aportades respecte a la meua resid\u00e8ncia fiscal.<\/span><\/li>\r\n<\/ul>\r\n<p class=\"p2\"><span class=\"s1\">No estar incurs\/incursa en cap de les circumst\u00e0ncies previstes en l\u2019article 13.2 de la Llei 38\/2003, de 17 de novembre, general de subvencions, requisit indispensable per a ser beneficiaries dels premis.<\/span><\/p>\r\n<p class=\"p1\"><span class=\"s1\"><b><br>\r\nDOCUMENTACI\u00d3 ANNEXA<\/b><\/span><\/p>\r\n<p class=\"p2\"><span class=\"s1\">Les candidatures hauran d\u2019annexar els documents que es detallen a continuaci\u00f3:<\/span><\/p>\r\n<p class=\"p2\"><span class=\"s1\">\u00a0<\/span><\/p>\r\n\r\n<ol class=\"ol1\">\r\n \t<li class=\"li3\"><span class=\"s1\">Document oficial en el qual conste la data de naixement i nacionalitat del participant.<\/span><\/li>\r\n \t<li class=\"li3\"><i><\/i><span class=\"s1\"><i>Curriculum vitae<\/i> amb indicaci\u00f3 de t\u00edtols acad\u00e8mics i art\u00edstics, resum dels seus estudis musicals (amb esment del professorat), participaci\u00f3 en concursos internacionals, actuacions m\u00e9s importants, enregistraments discogr\u00e0fics o de r\u00e0dio o televisi\u00f3.<\/span><\/li>\r\n \t<li class=\"li3\"><span class=\"s1\">Dues cartes de recomanaci\u00f3 de personalitats del m\u00f3n musical, amb informaci\u00f3 de contacte (tel\u00e8fon, correu electr\u00f2nic&#8230;).<\/span><\/li>\r\n \t<li class=\"li3\"><span class=\"s1\">Documents oficials o privats que la persona sol\u00b7licitant considere d\u2019inter\u00e9s (premis internacionals, cr\u00edtiques, discos, etc.).<\/span><\/li>\r\n \t<li class=\"li3\"><span class=\"s1\">Una fotografia. Es presentar\u00e0 juntament amb la sol\u00b7licitud, com a document annex.<\/span><\/li>\r\n \t<li class=\"li3\"><span class=\"s1\">Enregistrament: Es comunicar\u00e0, en el formulari d\u2019inscripci\u00f3, la URL on puga visualitzar-se un document audiovisual, preferiblement en alta resoluci\u00f3 HD, on el\/la concursant interpretar\u00e0 un programa lliure d\u2019entre 20 i 30 minuts. L\u2019enlla\u00e7 haur\u00e0 d\u2019estar disponible per a la seua consulta i desc\u00e0rrega fins el dia 12 de desembre de 2022. Cadascuna de les obres interpretades haur\u00e0 d\u2019haver sigut gravada en una sola presa, sense cap tall ni edici\u00f3 dins de cadascuna de les obres i en un \u00fanic pla fix. Aquest enregistrament haur\u00e0 d\u2019haver sigut realitzat amb posterioritat a l\u20191 de mar\u00e7 de 2022, en les circumst\u00e0ncies que es declaren responsable en el formulari d\u2019inscripci\u00f3, i ser\u00e0 imprescindible que es puga recon\u00e9ixer f\u00edsicament el participant en aquest enregistrament.<\/span><\/li>\r\n<\/ol>\r\n<p class=\"p2\"><span class=\"s1\">\u00a0<\/span><\/p>\r\n<p class=\"p2\"><span class=\"s1\">En cas de presentaci\u00f3 de la sol\u00b7licitud sense que s\u2019hi haja acreditat pr\u00e8viament la identitat, les persones estrangeres admeses per a la fase de concurs hauran d\u2019acreditar la seua identitat per qualsevol mitj\u00e0 v\u00e0lid en Dret (passaport o document d\u2019identitat en vigor) el qual, a m\u00e9s, permeta tra\u00e7ar i acreditar l\u2019autoria, propietat i\/o correspond\u00e8ncia de la documentaci\u00f3 remesa.<\/span><\/p>\r\n<p class=\"p2\"><span class=\"s1\">Si amb posterioritat es comprovara la falsedat en algun dels documents, l\u2019admissi\u00f3 quedaria anul\u00b7lada autom\u00e0ticament.<\/span><\/p>\r\n&nbsp;\r\n<p class=\"p2\"><span class=\"s1\"><b>\r\nLIMITACIONS A LA PARTICIPACI\u00d3 EN EL CONCURS<\/b><\/span><\/p>\r\n<p class=\"p2\"><span class=\"s1\">No podran participar en el concurs les persones sol\u00b7licitants que hagueren rebut classes (incloses classes magistrals), des de 2 anys abans de l&#8217;inici de la celebraci\u00f3 del concurs, \u00e9s a dir, des del 31 de maig de 2021.<\/span><\/p>\r\n&nbsp;\r\n<p class=\"p2\"><span class=\"s1\"><b>\r\n\r\nTRACTAMENT DE LES DADES DE CAR\u00c0CTER PERSONAL<\/b><\/span><\/p>\r\n<p class=\"p2\"><span class=\"s1\">Les dades personals facilitades per les persones participants seran tractades per la Diputaci\u00f3 de Val\u00e8ncia, exclusivament per a les finalitats administratives de tramitaci\u00f3 dels expedients i per al compliment de l\u2019inter\u00e9s p\u00fablic, foment de la m\u00fasica, objecte del concurs. Podran exercitar-se els drets d\u2019acc\u00e9s, rectificaci\u00f3, supressi\u00f3, oposici\u00f3, limitaci\u00f3 i portabilitat de les dades personals, en cas que procedisquen, dirigint la seua sol\u00b7licitud al Registre d\u2019Entrada d\u2019aquesta, l\u2019adre\u00e7a del qual \u00e9s c\/ Serrans, n\u00fam. 2, 46003 Val\u00e8ncia, o trav\u00e9s de la seu electr\u00f2nica de la Diputaci\u00f3 de Val\u00e8ncia <a href=\"https:\/\/www.sede.dival.es\/\"><span class=\"s2\">https:\/\/www.sede.dival.es<\/span><\/a>. Tot aix\u00f2, sense perjudici de la garantia d\u2019altres drets i del compliment d\u2019obligacions previstos en el Reglament (UE) 2016\/679 del Parlament Europeu, i del Consell de 27 d\u2019abril de 2016, relatiu a la protecci\u00f3 de les persones f\u00edsiques pel que fa al tractament de dades personals i a la lliure circulaci\u00f3 d\u2019aquestes dades, pel qual es deroga la Directiva 95\/46\/CE (Reglament general de protecci\u00f3 de dades), i en la Llei org\u00e0nica 3\/2018, de 5 de desembre, de protecci\u00f3 de dades personals i garantia dels drets digitals.<\/span><\/p>\t\t\t\t\t\t\t\t<\/div>\n\t\t\t\t<\/div>\n\t\t\t\t\t<\/div>\n\t\t<\/div>\n\t\t\t\t\t<\/div>\n\t\t<\/section>\n\t\t\t\t<\/div>\n\t\t","protected":false},"excerpt":{"rendered":"<p>Inscripci\u00f3 \u00a0 FORMA, TERMINI I LLOC DE PRESENTACI\u00d3 Les sol\u00b7licituds es presentaran entre el 16 de maig i el 28 de novembre de 2022 (termini ampliat). \u00a0 La tramitaci\u00f3 del [&hellip;]<\/p>\n","protected":false},"author":2,"featured_media":0,"parent":4532,"menu_order":0,"comment_status":"closed","ping_status":"closed","template":"","meta":{"_tec_requires_first_save":true,"site-sidebar-layout":"no-sidebar","site-content-layout":"page-builder","ast-site-content-layout":"","site-content-style":"default","site-sidebar-style":"default","ast-global-header-display":"","ast-banner-title-visibility":"","ast-main-header-display":"","ast-hfb-above-header-display":"","ast-hfb-below-header-display":"","ast-hfb-mobile-header-display":"","site-post-title":"disabled","ast-breadcrumbs-content":"","ast-featured-img":"disabled","footer-sml-layout":"","theme-transparent-header-meta":"default","adv-header-id-meta":"","stick-header-meta":"","header-above-stick-meta":"","header-main-stick-meta":"","header-below-stick-meta":"","astra-migrate-meta-layouts":"default","ast-page-background-enabled":"default","ast-page-background-meta":{"desktop":{"background-color":"","background-image":"","background-repeat":"repeat","background-position":"center center","background-size":"auto","background-attachment":"scroll","background-type":"","background-media":"","overlay-type":"","overlay-color":"","overlay-opacity":"","overlay-gradient":""},"tablet":{"background-color":"","background-image":"","background-repeat":"repeat","background-position":"center center","background-size":"auto","background-attachment":"scroll","background-type":"","background-media":"","overlay-type":"","overlay-color":"","overlay-opacity":"","overlay-gradient":""},"mobile":{"background-color":"","background-image":"","background-repeat":"repeat","background-position":"center center","background-size":"auto","background-attachment":"scroll","background-type":"","background-media":"","overlay-type":"","overlay-color":"","overlay-opacity":"","overlay-gradient":""}},"ast-content-background-meta":{"desktop":{"background-color":"var(--ast-global-color-5)","background-image":"","background-repeat":"repeat","background-position":"center center","background-size":"auto","background-attachment":"scroll","background-type":"","background-media":"","overlay-type":"","overlay-color":"","overlay-opacity":"","overlay-gradient":""},"tablet":{"background-color":"var(--ast-global-color-5)","background-image":"","background-repeat":"repeat","background-position":"center center","background-size":"auto","background-attachment":"scroll","background-type":"","background-media":"","overlay-type":"","overlay-color":"","overlay-opacity":"","overlay-gradient":""},"mobile":{"background-color":"var(--ast-global-color-5)","background-image":"","background-repeat":"repeat","background-position":"center center","background-size":"auto","background-attachment":"scroll","background-type":"","background-media":"","overlay-type":"","overlay-color":"","overlay-opacity":"","overlay-gradient":""}},"_EventAllDay":false,"_EventTimezone":"","_EventStartDate":"","_EventEndDate":"","_EventStartDateUTC":"","_EventEndDateUTC":"","_EventShowMap":false,"_EventShowMapLink":false,"_EventURL":"","_EventCost":"","_EventCostDescription":"","_EventCurrencySymbol":"","_EventCurrencyCode":"","_EventCurrencyPosition":"","_EventDateTimeSeparator":"","_EventTimeRangeSeparator":"","_EventOrganizerID":[],"_EventVenueID":[],"_OrganizerEmail":"","_OrganizerPhone":"","_OrganizerWebsite":"","_VenueAddress":"","_VenueCity":"","_VenueCountry":"","_VenueProvince":"","_VenueState":"","_VenueZip":"","_VenuePhone":"","_VenueURL":"","_VenueStateProvince":"","_VenueLat":"","_VenueLng":"","_VenueShowMap":false,"_VenueShowMapLink":false,"_tribe_blocks_recurrence_rules":"","_tribe_blocks_recurrence_description":"","_tribe_blocks_recurrence_exclusions":"","footnotes":""},"class_list":["post-4536","page","type-page","status-publish","hentry"],"yoast_head":"<!-- This site is optimized with the Yoast SEO plugin v25.3 - https:\/\/yoast.com\/wordpress\/plugins\/seo\/ -->\n<title>Inscripci\u00f3 - Piano Iturbi<\/title>\n<meta name=\"description\" content=\"El Concurs Internacional de Piano de Val\u00e8ncia Iturbi, plataforma per a joves pianistes de tot el m\u00f3n, \u00e9s un referent de l&#039;escena musical internacional, en combinaci\u00f3 amb el Festival de Piano Iturbi i el programa de recitals\" \/>\n<meta name=\"robots\" content=\"index, follow, max-snippet:-1, max-image-preview:large, max-video-preview:-1\" \/>\n<link rel=\"canonical\" href=\"https:\/\/pianoiturbi.dival.es\/concurso-2023\/inscripcion\/\" \/>\n<meta property=\"og:locale\" content=\"ca_ES\" \/>\n<meta property=\"og:type\" content=\"article\" \/>\n<meta property=\"og:title\" content=\"Inscripci\u00f3 - Piano Iturbi\" \/>\n<meta property=\"og:description\" content=\"El Concurs Internacional de Piano de Val\u00e8ncia Iturbi, plataforma per a joves pianistes de tot el m\u00f3n, \u00e9s un referent de l&#039;escena musical internacional, en combinaci\u00f3 amb el Festival de Piano Iturbi i el programa de recitals\" \/>\n<meta property=\"og:url\" content=\"https:\/\/pianoiturbi.dival.es\/concurso-2023\/inscripcion\/\" \/>\n<meta property=\"og:site_name\" content=\"Piano Iturbi\" \/>\n<meta property=\"article:modified_time\" content=\"2022-11-02T14:08:01+00:00\" \/>\n<meta property=\"og:image\" content=\"https:\/\/pianoiturbi.dival.es\/wp-content\/uploads\/pianoiturbi-2023-logo-737x1024.jpg\" \/>\n<meta name=\"twitter:card\" content=\"summary_large_image\" \/>\n<meta name=\"twitter:label1\" content=\"Temps estimat de lectura\" \/>\n\t<meta name=\"twitter:data1\" content=\"5 minuts\" \/>\n<script type=\"application\/ld+json\" class=\"yoast-schema-graph\">{\"@context\":\"https:\/\/schema.org\",\"@graph\":[{\"@type\":\"WebPage\",\"@id\":\"https:\/\/pianoiturbi.dival.es\/concurso-2023\/inscripcion\/\",\"url\":\"https:\/\/pianoiturbi.dival.es\/concurso-2023\/inscripcion\/\",\"name\":\"Inscripci\u00f3 - Piano Iturbi\",\"isPartOf\":{\"@id\":\"https:\/\/pianoiturbi.dival.es\/#website\"},\"primaryImageOfPage\":{\"@id\":\"https:\/\/pianoiturbi.dival.es\/concurso-2023\/inscripcion\/#primaryimage\"},\"image\":{\"@id\":\"https:\/\/pianoiturbi.dival.es\/concurso-2023\/inscripcion\/#primaryimage\"},\"thumbnailUrl\":\"https:\/\/pianoiturbi.dival.es\/wp-content\/uploads\/pianoiturbi-2023-logo-737x1024.jpg\",\"datePublished\":\"2022-05-12T16:42:22+00:00\",\"dateModified\":\"2022-11-02T14:08:01+00:00\",\"description\":\"El Concurs Internacional de Piano de Val\u00e8ncia Iturbi, plataforma per a joves pianistes de tot el m\u00f3n, \u00e9s un referent de l'escena musical internacional, en combinaci\u00f3 amb el Festival de Piano Iturbi i el programa de recitals\",\"breadcrumb\":{\"@id\":\"https:\/\/pianoiturbi.dival.es\/concurso-2023\/inscripcion\/#breadcrumb\"},\"inLanguage\":\"ca\",\"potentialAction\":[{\"@type\":\"ReadAction\",\"target\":[\"https:\/\/pianoiturbi.dival.es\/concurso-2023\/inscripcion\/\"]}]},{\"@type\":\"ImageObject\",\"inLanguage\":\"ca\",\"@id\":\"https:\/\/pianoiturbi.dival.es\/concurso-2023\/inscripcion\/#primaryimage\",\"url\":\"https:\/\/pianoiturbi.dival.es\/wp-content\/uploads\/pianoiturbi-2023-logo-737x1024.jpg\",\"contentUrl\":\"https:\/\/pianoiturbi.dival.es\/wp-content\/uploads\/pianoiturbi-2023-logo-737x1024.jpg\"},{\"@type\":\"BreadcrumbList\",\"@id\":\"https:\/\/pianoiturbi.dival.es\/concurso-2023\/inscripcion\/#breadcrumb\",\"itemListElement\":[{\"@type\":\"ListItem\",\"position\":1,\"name\":\"Portada\",\"item\":\"https:\/\/pianoiturbi.dival.es\/ca\/\"},{\"@type\":\"ListItem\",\"position\":2,\"name\":\"Concurs 2023\",\"item\":\"https:\/\/pianoiturbi.dival.es\/ca\/concurs-2023\/\"},{\"@type\":\"ListItem\",\"position\":3,\"name\":\"Inscripci\u00f3\"}]},{\"@type\":\"WebSite\",\"@id\":\"https:\/\/pianoiturbi.dival.es\/#website\",\"url\":\"https:\/\/pianoiturbi.dival.es\/\",\"name\":\"Piano Iturbi\",\"description\":\"El Concurs Internacional de Piano de Val\u00e8ncia Iturbi, plataforma per a joves pianistes de tot el m\u00f3n, \u00e9s un referent de l'escena musical internacional, en combinaci\u00f3 amb el Festival de Piano Iturbi i el programa de recitals\",\"potentialAction\":[{\"@type\":\"SearchAction\",\"target\":{\"@type\":\"EntryPoint\",\"urlTemplate\":\"https:\/\/pianoiturbi.dival.es\/?s={search_term_string}\"},\"query-input\":{\"@type\":\"PropertyValueSpecification\",\"valueRequired\":true,\"valueName\":\"search_term_string\"}}],\"inLanguage\":\"ca\"}]}<\/script>\n<!-- \/ Yoast SEO plugin. -->","yoast_head_json":{"title":"Inscripci\u00f3 - Piano Iturbi","description":"El Concurs Internacional de Piano de Val\u00e8ncia Iturbi, plataforma per a joves pianistes de tot el m\u00f3n, \u00e9s un referent de l'escena musical internacional, en combinaci\u00f3 amb el Festival de Piano Iturbi i el programa de recitals","robots":{"index":"index","follow":"follow","max-snippet":"max-snippet:-1","max-image-preview":"max-image-preview:large","max-video-preview":"max-video-preview:-1"},"canonical":"https:\/\/pianoiturbi.dival.es\/concurso-2023\/inscripcion\/","og_locale":"ca_ES","og_type":"article","og_title":"Inscripci\u00f3 - Piano Iturbi","og_description":"El Concurs Internacional de Piano de Val\u00e8ncia Iturbi, plataforma per a joves pianistes de tot el m\u00f3n, \u00e9s un referent de l'escena musical internacional, en combinaci\u00f3 amb el Festival de Piano Iturbi i el programa de recitals","og_url":"https:\/\/pianoiturbi.dival.es\/concurso-2023\/inscripcion\/","og_site_name":"Piano Iturbi","article_modified_time":"2022-11-02T14:08:01+00:00","og_image":[{"url":"https:\/\/pianoiturbi.dival.es\/wp-content\/uploads\/pianoiturbi-2023-logo-737x1024.jpg","type":"","width":"","height":""}],"twitter_card":"summary_large_image","twitter_misc":{"Temps estimat de lectura":"5 minuts"},"schema":{"@context":"https:\/\/schema.org","@graph":[{"@type":"WebPage","@id":"https:\/\/pianoiturbi.dival.es\/concurso-2023\/inscripcion\/","url":"https:\/\/pianoiturbi.dival.es\/concurso-2023\/inscripcion\/","name":"Inscripci\u00f3 - Piano Iturbi","isPartOf":{"@id":"https:\/\/pianoiturbi.dival.es\/#website"},"primaryImageOfPage":{"@id":"https:\/\/pianoiturbi.dival.es\/concurso-2023\/inscripcion\/#primaryimage"},"image":{"@id":"https:\/\/pianoiturbi.dival.es\/concurso-2023\/inscripcion\/#primaryimage"},"thumbnailUrl":"https:\/\/pianoiturbi.dival.es\/wp-content\/uploads\/pianoiturbi-2023-logo-737x1024.jpg","datePublished":"2022-05-12T16:42:22+00:00","dateModified":"2022-11-02T14:08:01+00:00","description":"El Concurs Internacional de Piano de Val\u00e8ncia Iturbi, plataforma per a joves pianistes de tot el m\u00f3n, \u00e9s un referent de l'escena musical internacional, en combinaci\u00f3 amb el Festival de Piano Iturbi i el programa de recitals","breadcrumb":{"@id":"https:\/\/pianoiturbi.dival.es\/concurso-2023\/inscripcion\/#breadcrumb"},"inLanguage":"ca","potentialAction":[{"@type":"ReadAction","target":["https:\/\/pianoiturbi.dival.es\/concurso-2023\/inscripcion\/"]}]},{"@type":"ImageObject","inLanguage":"ca","@id":"https:\/\/pianoiturbi.dival.es\/concurso-2023\/inscripcion\/#primaryimage","url":"https:\/\/pianoiturbi.dival.es\/wp-content\/uploads\/pianoiturbi-2023-logo-737x1024.jpg","contentUrl":"https:\/\/pianoiturbi.dival.es\/wp-content\/uploads\/pianoiturbi-2023-logo-737x1024.jpg"},{"@type":"BreadcrumbList","@id":"https:\/\/pianoiturbi.dival.es\/concurso-2023\/inscripcion\/#breadcrumb","itemListElement":[{"@type":"ListItem","position":1,"name":"Portada","item":"https:\/\/pianoiturbi.dival.es\/ca\/"},{"@type":"ListItem","position":2,"name":"Concurs 2023","item":"https:\/\/pianoiturbi.dival.es\/ca\/concurs-2023\/"},{"@type":"ListItem","position":3,"name":"Inscripci\u00f3"}]},{"@type":"WebSite","@id":"https:\/\/pianoiturbi.dival.es\/#website","url":"https:\/\/pianoiturbi.dival.es\/","name":"Piano Iturbi","description":"El Concurs Internacional de Piano de Val\u00e8ncia Iturbi, plataforma per a joves pianistes de tot el m\u00f3n, \u00e9s un referent de l'escena musical internacional, en combinaci\u00f3 amb el Festival de Piano Iturbi i el programa de recitals","potentialAction":[{"@type":"SearchAction","target":{"@type":"EntryPoint","urlTemplate":"https:\/\/pianoiturbi.dival.es\/?s={search_term_string}"},"query-input":{"@type":"PropertyValueSpecification","valueRequired":true,"valueName":"search_term_string"}}],"inLanguage":"ca"}]}},"_links":{"self":[{"href":"https:\/\/pianoiturbi.dival.es\/ca\/wp-json\/wp\/v2\/pages\/4536","targetHints":{"allow":["GET"]}}],"collection":[{"href":"https:\/\/pianoiturbi.dival.es\/ca\/wp-json\/wp\/v2\/pages"}],"about":[{"href":"https:\/\/pianoiturbi.dival.es\/ca\/wp-json\/wp\/v2\/types\/page"}],"author":[{"embeddable":true,"href":"https:\/\/pianoiturbi.dival.es\/ca\/wp-json\/wp\/v2\/users\/2"}],"replies":[{"embeddable":true,"href":"https:\/\/pianoiturbi.dival.es\/ca\/wp-json\/wp\/v2\/comments?post=4536"}],"version-history":[{"count":0,"href":"https:\/\/pianoiturbi.dival.es\/ca\/wp-json\/wp\/v2\/pages\/4536\/revisions"}],"up":[{"embeddable":true,"href":"https:\/\/pianoiturbi.dival.es\/ca\/wp-json\/wp\/v2\/pages\/4532"}],"wp:attachment":[{"href":"https:\/\/pianoiturbi.dival.es\/ca\/wp-json\/wp\/v2\/media?parent=4536"}],"curies":[{"name":"wp","href":"https:\/\/api.w.org\/{rel}","templated":true}]}}